{"id":57,"date":"2020-11-15T19:01:12","date_gmt":"2020-11-15T18:01:12","guid":{"rendered":"http:\/\/gtu.sciencespo-lille.eu\/?page_id=57"},"modified":"2025-06-05T15:27:19","modified_gmt":"2025-06-05T13:27:19","slug":"lalternance-et-linsertion-professionelle","status":"publish","type":"page","link":"https:\/\/gtu.sciencespo-lille.eu\/index.php\/lalternance-et-linsertion-professionelle\/","title":{"rendered":"L&rsquo;alternance et l&rsquo;insertion professionnelle (M2)"},"content":{"rendered":"\n<h2 class=\"wp-block-heading\">Gouvernance des Territoires Urbains en alternance<\/h2>\n\n\n\n<p>L&rsquo;apprentissage alterne des <strong>p\u00e9riodes de cours \u00e0 Sciences Po Lille<\/strong> (formation th\u00e9orique) et des <strong>p\u00e9riodes au sein d&rsquo;une organisation<\/strong> (formation pratique), dans le cadre d&rsquo;un contrat de travail sp\u00e9cifique et selon un calendrier pr\u00e9d\u00e9fini.<\/p>\n\n\n\n<p><strong>Rythme de l&rsquo;alternance en GTU<\/strong> : <\/p>\n\n\n\n<ul class=\"wp-block-list\">\n<li><strong>3 semaines<\/strong> en entreprise &#8211; secteur public <\/li>\n\n\n\n<li><strong>1 semaine<\/strong> de cours \u00e0 Sciences Po Lille<\/li>\n<\/ul>\n\n\n\n<p>Ce rythme permet une bonne int\u00e9gration des \u00e9tudiantes et \u00e9tudiants au sein des \u00e9quipes et des projets et les place en situation professionnelle r\u00e9elle.<\/p>\n\n\n\n<p>Les p\u00e9riodes de formation \u00e0 Sciences Po Lille permettent aux \u00e9tudiantes et \u00e9tudiants de compl\u00e9ter leur exp\u00e9rience pratique en la confrontant \u00e0 des r\u00e9flexions et \u00e0 des \u00e9tudes de cas qui leur sont pr\u00e9sent\u00e9es en cours par des praticiennes et praticiens et des enseignantes et enseignants-chercheurs.<\/p>\n\n\n\n<p>Concernant les stages, les \u00e9tudiantes et les \u00e9tudiants seront invit\u00e9s \u00e0 r\u00e9aliser un stage facultatif en 4<sup>\u00e8me<\/sup>&nbsp;ann\u00e9e (durant les mois d&rsquo;\u00e9t\u00e9). La 5<sup>\u00e8me<\/sup> ann\u00e9e se d\u00e9roulera uniquement en apprentissage.<\/p>\n\n\n\n<div style=\"height:30px\" aria-hidden=\"true\" class=\"wp-block-spacer\"><\/div>\n\n\n\n<p><strong>Calendrier d\u2019alternance 2025-2026<\/strong>\u00a0pour la majeure GTU :<\/p>\n\n\n<a href=\"https:\/\/gtu.sciencespo-lille.eu\/wp-content\/uploads\/2025\/06\/Calendrier-GTU-25-26.pdf\" class=\"pdfemb-viewer\" style=\"\" data-width=\"max\" data-height=\"max\" data-toolbar=\"bottom\" data-toolbar-fixed=\"off\">Calendrier-GTU-25-26<\/a>\n\n\n<div style=\"height:30px\" aria-hidden=\"true\" class=\"wp-block-spacer\"><\/div>\n\n\n\n<p>Les \u00e9tudiantes et les \u00e9tudiants de Sciences Po Lille peuvent consulter <strong>l&rsquo;historique des stages<\/strong> <strong>et apprentissages<\/strong> via la plateforme des Alumni :<\/p>\n\n\n\n<div class=\"wp-block-buttons is-content-justification-center is-layout-flex wp-container-core-buttons-is-layout-16018d1d wp-block-buttons-is-layout-flex\">\n<div class=\"wp-block-button is-style-fill\"><a class=\"wp-block-button__link has-white-color has-text-color has-background wp-element-button\" href=\"https:\/\/alumni.sciencespo-lille.eu\/page\/historique-des-stages\" style=\"background-color:#f38630\" target=\"_blank\" rel=\"noreferrer noopener\">Historique des apprentissages <\/a><\/div>\n<\/div>\n\n\n\n<div style=\"height:30px\" aria-hidden=\"true\" class=\"wp-block-spacer\"><\/div>\n\n\n\n<p>Retrouvez \u00e9galement la <strong>liste des offres de stage, d&rsquo;apprentissage et d&#8217;emploi<\/strong> :<\/p>\n\n\n\n<div class=\"wp-block-buttons is-content-justification-center is-layout-flex wp-container-core-buttons-is-layout-16018d1d wp-block-buttons-is-layout-flex\">\n<div class=\"wp-block-button\"><a class=\"wp-block-button__link has-white-color has-text-color has-background wp-element-button\" href=\"https:\/\/alumni.sciencespo-lille.eu\/jobboard?page=1\" style=\"background-color:#f38630\" target=\"_blank\" rel=\"noreferrer noopener\">Offres d&rsquo;apprentissage et d&#8217;emploi<\/a><\/div>\n<\/div>\n\n\n\n<div style=\"height:30px\" aria-hidden=\"true\" class=\"wp-block-spacer\"><\/div>\n\n\n\n<p>Pour plus d&rsquo;informations sur les stages \u00e0 Sciences Po Lille et l&rsquo;insertion professionnelle, consultez le <strong>Guide de l&rsquo;apprentissage<\/strong> de la plateforme des Alumni :<\/p>\n\n\n\n<div class=\"wp-block-buttons is-content-justification-center is-layout-flex wp-container-core-buttons-is-layout-16018d1d wp-block-buttons-is-layout-flex\">\n<div class=\"wp-block-button\"><a class=\"wp-block-button__link has-white-color has-text-color has-background wp-element-button\" href=\"https:\/\/alumni.sciencespo-lille.eu\/fr\/page\/guide-de-l-apprentissage\" style=\"background-color:#f38630\" target=\"_blank\" rel=\"noreferrer noopener\">Guide de l&rsquo;apprentissage<\/a><\/div>\n<\/div>\n\n\n\n<div style=\"height:65px\" aria-hidden=\"true\" class=\"wp-block-spacer\"><\/div>\n\n\n\n<p>Pour favoriser l\u2019insertion professionnelle des \u00e9tudiantes et des \u00e9tudiants, le <strong>cours \u00ab pr\u00e9paration \u00e0 l\u2019apprentissage \u00bb<\/strong> organise des rencontres professionnalisantes au sein de structures publiques et priv\u00e9es, comme notamment la mairie de Lille ou l\u2019agence d\u2019urbanisme de Lille.<\/p>\n\n\n\n<div style=\"height:30px\" aria-hidden=\"true\" class=\"wp-block-spacer\"><\/div>\n\n\n\n<p>Des <strong>conf\u00e9rences M\u00e9tiers et<\/strong> <strong>Carri\u00e8res<\/strong> sont \u00e9galement organis\u00e9es chaque ann\u00e9e pour pr\u00e9senter les diverses d\u00e9bouch\u00e9es possibles apr\u00e8s la majeure GTU. Organis\u00e9e par les ambassadeurs et ambassadrices Chlo\u00e9 Redon et No\u00e9 Clerc de la promotion Denis Mukwege (2023), cette conf\u00e9rence portera cette ann\u00e9e sur les m\u00e9tiers de l\u2019\u00e9chelon d\u00e9concentr\u00e9.<\/p>\n\n\n\n<h2 class=\"wp-block-heading\"><strong>Ils ont accueilli une apprentie, un apprenti :<\/strong><\/h2>\n\n\n\n<div class=\"wp-block-columns is-layout-flex wp-container-core-columns-is-layout-9d6595d7 wp-block-columns-is-layout-flex\">\n<div class=\"wp-block-column is-layout-flow wp-block-column-is-layout-flow\">\n<ul class=\"wp-block-list\">\n<li><strong>A\u00e9roport de Paris (ADP)<\/strong><br> <a href=\"https:\/\/www.parisaeroport.fr\/\">(Site ADP)<\/a><\/li>\n<\/ul>\n<\/div>\n\n\n\n<div class=\"wp-block-column is-layout-flow wp-block-column-is-layout-flow\"><div class=\"wp-block-image\">\n<figure class=\"aligncenter size-full is-resized\"><img fetchpriority=\"high\" decoding=\"async\" width=\"310\" height=\"210\" src=\"https:\/\/gtu.sciencespo-lille.eu\/wp-content\/uploads\/2023\/12\/logo_aeroport_de_paris.png\" alt=\"\" class=\"wp-image-563\" style=\"width:111px;height:75px\" srcset=\"https:\/\/gtu.sciencespo-lille.eu\/wp-content\/uploads\/2023\/12\/logo_aeroport_de_paris.png 310w, https:\/\/gtu.sciencespo-lille.eu\/wp-content\/uploads\/2023\/12\/logo_aeroport_de_paris-300x203.png 300w\" sizes=\"(max-width: 310px) 100vw, 310px\" \/><\/figure><\/div><\/div>\n<\/div>\n\n\n\n<div class=\"wp-block-columns is-layout-flex wp-container-core-columns-is-layout-9d6595d7 wp-block-columns-is-layout-flex\">\n<div class=\"wp-block-column is-layout-flow wp-block-column-is-layout-flow\">\n<ul class=\"wp-block-list\">\n<li><strong>Agence de l&rsquo;eau Adour-Garonne &#8211; <\/strong>Direction G\u00e9n\u00e9rale <a href=\"https:\/\/eau-grandsudouest.fr\/\">(site eau Adour-Garonne)<\/a><\/li>\n<\/ul>\n<\/div>\n\n\n\n<div class=\"wp-block-column is-layout-flow wp-block-column-is-layout-flow\">\n<figure class=\"wp-block-image size-full\"><img decoding=\"async\" width=\"95\" height=\"61\" src=\"https:\/\/gtu.sciencespo-lille.eu\/wp-content\/uploads\/2022\/12\/Image3.png\" alt=\"\" class=\"wp-image-519\"\/><\/figure>\n<\/div>\n<\/div>\n\n\n\n<div class=\"wp-block-columns is-layout-flex wp-container-core-columns-is-layout-9d6595d7 wp-block-columns-is-layout-flex\">\n<div class=\"wp-block-column is-layout-flow wp-block-column-is-layout-flow\" style=\"flex-basis:100%\">\n<div class=\"wp-block-columns is-layout-flex wp-container-core-columns-is-layout-9d6595d7 wp-block-columns-is-layout-flex\">\n<div class=\"wp-block-column is-layout-flow wp-block-column-is-layout-flow\">\n<ul class=\"wp-block-list\">\n<li><strong>Agence Nationale pour la R\u00e9novation Urbaine (ANRU)<\/strong> &#8211; Direction op\u00e9rationnelle<br><a href=\"https:\/\/www.anru.fr\/\">(Site ANRU)<\/a><\/li>\n<\/ul>\n<\/div>\n\n\n\n<div class=\"wp-block-column is-layout-flow wp-block-column-is-layout-flow\">\n<figure class=\"wp-block-image size-full\"><img decoding=\"async\" width=\"90\" height=\"67\" src=\"https:\/\/gtu.sciencespo-lille.eu\/wp-content\/uploads\/2022\/12\/Image4.png\" alt=\"\" class=\"wp-image-520\"\/><\/figure>\n<\/div>\n<\/div>\n<\/div>\n<\/div>\n\n\n\n<div class=\"wp-block-columns is-layout-flex wp-container-core-columns-is-layout-9d6595d7 wp-block-columns-is-layout-flex\">\n<div class=\"wp-block-column is-layout-flow wp-block-column-is-layout-flow\" style=\"flex-basis:100%\">\n<div class=\"wp-block-columns is-layout-flex wp-container-core-columns-is-layout-9d6595d7 wp-block-columns-is-layout-flex\">\n<div class=\"wp-block-column is-layout-flow wp-block-column-is-layout-flow\">\n<ul class=\"wp-block-list\">\n<li><strong>Agence KR<\/strong><br><a href=\"http:\/\/www.agencekr.com\/\">(Site KR)<\/a><\/li>\n<\/ul>\n<\/div>\n\n\n\n<div class=\"wp-block-column is-layout-flow wp-block-column-is-layout-flow\">\n<figure class=\"wp-block-image size-full\"><img loading=\"lazy\" decoding=\"async\" width=\"118\" height=\"42\" src=\"https:\/\/gtu.sciencespo-lille.eu\/wp-content\/uploads\/2022\/12\/Image5.png\" alt=\"\" class=\"wp-image-521\"\/><\/figure>\n<\/div>\n<\/div>\n<\/div>\n<\/div>\n\n\n\n<div class=\"wp-block-columns is-layout-flex wp-container-core-columns-is-layout-9d6595d7 wp-block-columns-is-layout-flex\">\n<div class=\"wp-block-column is-layout-flow wp-block-column-is-layout-flow\">\n<ul class=\"wp-block-list\">\n<li><strong>Assembl\u00e9e Nationale<\/strong><br><a href=\"https:\/\/www.assemblee-nationale.fr\/\">(Site AN)<\/a><\/li>\n<\/ul>\n<\/div>\n\n\n\n<div class=\"wp-block-column is-layout-flow wp-block-column-is-layout-flow\">\n<figure class=\"wp-block-image size-large is-resized\"><img loading=\"lazy\" decoding=\"async\" width=\"1024\" height=\"939\" src=\"https:\/\/gtu.sciencespo-lille.eu\/wp-content\/uploads\/2023\/12\/logo_assemblee_nationale-1024x939.png\" alt=\"\" class=\"wp-image-569\" style=\"width:117px;height:107px\" srcset=\"https:\/\/gtu.sciencespo-lille.eu\/wp-content\/uploads\/2023\/12\/logo_assemblee_nationale-1024x939.png 1024w, https:\/\/gtu.sciencespo-lille.eu\/wp-content\/uploads\/2023\/12\/logo_assemblee_nationale-300x275.png 300w, https:\/\/gtu.sciencespo-lille.eu\/wp-content\/uploads\/2023\/12\/logo_assemblee_nationale-768x704.png 768w, https:\/\/gtu.sciencespo-lille.eu\/wp-content\/uploads\/2023\/12\/logo_assemblee_nationale.png 1200w\" sizes=\"(max-width: 1024px) 100vw, 1024px\" \/><\/figure>\n<\/div>\n<\/div>\n\n\n\n<div class=\"wp-block-columns is-layout-flex wp-container-core-columns-is-layout-9d6595d7 wp-block-columns-is-layout-flex\">\n<div class=\"wp-block-column is-layout-flow wp-block-column-is-layout-flow\">\n<ul class=\"wp-block-list\">\n<li><strong>Association Le Lierre<\/strong><br><a href=\"https:\/\/le-lierre.fr\/\">(Site de l&rsquo;Association)<\/a><\/li>\n<\/ul>\n<\/div>\n\n\n\n<div class=\"wp-block-column is-layout-flow wp-block-column-is-layout-flow\"><div class=\"wp-block-image\">\n<figure class=\"aligncenter size-full is-resized\"><img loading=\"lazy\" decoding=\"async\" width=\"315\" height=\"298\" src=\"https:\/\/gtu.sciencespo-lille.eu\/wp-content\/uploads\/2023\/12\/logo_association_le_lierre.png\" alt=\"\" class=\"wp-image-568\" style=\"width:110px;height:104px\" srcset=\"https:\/\/gtu.sciencespo-lille.eu\/wp-content\/uploads\/2023\/12\/logo_association_le_lierre.png 315w, https:\/\/gtu.sciencespo-lille.eu\/wp-content\/uploads\/2023\/12\/logo_association_le_lierre-300x284.png 300w\" sizes=\"(max-width: 315px) 100vw, 315px\" \/><\/figure><\/div><\/div>\n<\/div>\n\n\n\n<div class=\"wp-block-columns is-layout-flex wp-container-core-columns-is-layout-9d6595d7 wp-block-columns-is-layout-flex\">\n<div class=\"wp-block-column is-layout-flow wp-block-column-is-layout-flow\" style=\"flex-basis:100%\">\n<div class=\"wp-block-columns is-layout-flex wp-container-core-columns-is-layout-9d6595d7 wp-block-columns-is-layout-flex\">\n<div class=\"wp-block-column is-layout-flow wp-block-column-is-layout-flow\">\n<ul class=\"wp-block-list\">\n<li><strong>Conseil r\u00e9gional des Hauts-de-France<\/strong> &#8211; Service des relations internationales<br><a href=\"https:\/\/www.hautsdefrance.fr\/\">(Site Hauts-de-France)<\/a><\/li>\n<\/ul>\n<\/div>\n\n\n\n<div class=\"wp-block-column is-layout-flow wp-block-column-is-layout-flow\">\n<figure class=\"wp-block-image size-full\"><img loading=\"lazy\" decoding=\"async\" width=\"179\" height=\"177\" src=\"https:\/\/gtu.sciencespo-lille.eu\/wp-content\/uploads\/2022\/12\/Image6.png\" alt=\"\" class=\"wp-image-522\"\/><\/figure>\n<\/div>\n<\/div>\n<\/div>\n<\/div>\n\n\n\n<div class=\"wp-block-columns is-layout-flex wp-container-core-columns-is-layout-9d6595d7 wp-block-columns-is-layout-flex\">\n<div class=\"wp-block-column is-layout-flow wp-block-column-is-layout-flow\">\n<ul class=\"wp-block-list\">\n<li><strong>EDF<\/strong><br><a href=\"https:\/\/www.edf.fr\/\">(Site EDF)<\/a><\/li>\n<\/ul>\n<\/div>\n\n\n\n<div class=\"wp-block-column is-layout-flow wp-block-column-is-layout-flow\">\n<figure class=\"wp-block-image size-full\"><img loading=\"lazy\" decoding=\"async\" width=\"122\" height=\"63\" src=\"https:\/\/gtu.sciencespo-lille.eu\/wp-content\/uploads\/2022\/12\/Image7.png\" alt=\"\" class=\"wp-image-523\"\/><\/figure>\n<\/div>\n<\/div>\n\n\n\n<div class=\"wp-block-columns is-layout-flex wp-container-core-columns-is-layout-9d6595d7 wp-block-columns-is-layout-flex\">\n<div class=\"wp-block-column is-layout-flow wp-block-column-is-layout-flow\">\n<ul class=\"wp-block-list\">\n<li><strong>Espelia<\/strong><br><a href=\"https:\/\/www.espelia.fr\/#\/\">(Site Espelia)<\/a><\/li>\n<\/ul>\n<\/div>\n\n\n\n<div class=\"wp-block-column is-layout-flow wp-block-column-is-layout-flow\"><div class=\"wp-block-image\">\n<figure class=\"aligncenter size-full is-resized\"><img loading=\"lazy\" decoding=\"async\" width=\"534\" height=\"228\" src=\"https:\/\/gtu.sciencespo-lille.eu\/wp-content\/uploads\/2023\/12\/logo_espelia.png\" alt=\"\" class=\"wp-image-570\" style=\"width:208px;height:88px\" srcset=\"https:\/\/gtu.sciencespo-lille.eu\/wp-content\/uploads\/2023\/12\/logo_espelia.png 534w, https:\/\/gtu.sciencespo-lille.eu\/wp-content\/uploads\/2023\/12\/logo_espelia-300x128.png 300w\" sizes=\"(max-width: 534px) 100vw, 534px\" \/><\/figure><\/div><\/div>\n<\/div>\n\n\n\n<div class=\"wp-block-columns is-layout-flex wp-container-core-columns-is-layout-9d6595d7 wp-block-columns-is-layout-flex\">\n<div class=\"wp-block-column is-layout-flow wp-block-column-is-layout-flow\">\n<ul class=\"wp-block-list\">\n<li><strong>Direction r\u00e9gionale des affaires culturelles (DRAC) de la r\u00e9gion Ile-de-France<\/strong><br><a href=\"https:\/\/www.culture.gouv.fr\/Regions\/DRAC-Ile-de-France\">(Site DRAC IDF)<\/a><\/li>\n<\/ul>\n<\/div>\n\n\n\n<div class=\"wp-block-column is-layout-flow wp-block-column-is-layout-flow\"><\/div>\n<\/div>\n\n\n\n<div class=\"wp-block-columns is-layout-flex wp-container-core-columns-is-layout-9d6595d7 wp-block-columns-is-layout-flex\">\n<div class=\"wp-block-column is-layout-flow wp-block-column-is-layout-flow\">\n<ul class=\"wp-block-list\">\n<li><strong>Direction r\u00e9gionale de l\u2019\u00e9conomie, de l\u2019emploi, du travail et de la solidarit\u00e9 (DREETS) &#8211;<\/strong> Commissaire \u00e0 la lutte contre la pauvret\u00e9<br><a href=\"https:\/\/hauts-de-france.dreets.gouv.fr\/\">(Site DREETS)<\/a><\/li>\n<\/ul>\n<\/div>\n\n\n\n<div class=\"wp-block-column is-layout-flow wp-block-column-is-layout-flow\"><\/div>\n<\/div>\n\n\n\n<div class=\"wp-block-columns is-layout-flex wp-container-core-columns-is-layout-9d6595d7 wp-block-columns-is-layout-flex\">\n<div class=\"wp-block-column is-layout-flow wp-block-column-is-layout-flow\">\n<ul class=\"wp-block-list\">\n<li><strong>M\u00e9tropole Europ\u00e9enne de Lille (MEL)<\/strong> \u2013 Service Animation territorialis\u00e9e<br><a href=\"https:\/\/www.lillemetropole.fr\/\">(Site MEL)<\/a><\/li>\n<\/ul>\n<\/div>\n\n\n\n<div class=\"wp-block-column is-layout-flow wp-block-column-is-layout-flow\">\n<figure class=\"wp-block-image size-full\"><img loading=\"lazy\" decoding=\"async\" width=\"272\" height=\"65\" src=\"https:\/\/gtu.sciencespo-lille.eu\/wp-content\/uploads\/2022\/12\/Image8.png\" alt=\"\" class=\"wp-image-524\"\/><\/figure>\n<\/div>\n<\/div>\n\n\n\n<div class=\"wp-block-columns is-layout-flex wp-container-core-columns-is-layout-9d6595d7 wp-block-columns-is-layout-flex\">\n<div class=\"wp-block-column is-layout-flow wp-block-column-is-layout-flow\" style=\"flex-basis:100%\"><\/div>\n<\/div>\n\n\n\n<div class=\"wp-block-columns is-layout-flex wp-container-core-columns-is-layout-9d6595d7 wp-block-columns-is-layout-flex\">\n<div class=\"wp-block-column is-layout-flow wp-block-column-is-layout-flow\">\n<ul class=\"wp-block-list\">\n<li><strong>Etablissement Public Foncier de la r\u00e9gion Ile-de-France (EPFIF)<\/strong> \u2013 Direction Op\u00e9ration de requalification des copropri\u00e9t\u00e9s d\u00e9grad\u00e9es d&rsquo;int\u00e9r\u00eat national (Orcod-IN)<br><a href=\"https:\/\/www.epfif.fr\/\">(Site EPFIF)<\/a><\/li>\n<\/ul>\n<\/div>\n\n\n\n<div class=\"wp-block-column is-layout-flow wp-block-column-is-layout-flow\">\n<figure class=\"wp-block-image size-full\"><img loading=\"lazy\" decoding=\"async\" width=\"99\" height=\"98\" src=\"https:\/\/gtu.sciencespo-lille.eu\/wp-content\/uploads\/2022\/12\/Image9.png\" alt=\"\" class=\"wp-image-525\"\/><\/figure>\n<\/div>\n<\/div>\n\n\n\n<div class=\"wp-block-columns is-layout-flex wp-container-core-columns-is-layout-9d6595d7 wp-block-columns-is-layout-flex\">\n<div class=\"wp-block-column is-layout-flow wp-block-column-is-layout-flow\">\n<ul class=\"wp-block-list\">\n<li><strong>\u00c9tablissement Public du Mus\u00e9e d&rsquo;Orsay et du Mus\u00e9e de l&rsquo;Orangerie<\/strong> \u2013 Service D\u00e9veloppement<br><a href=\"https:\/\/www.musee-orsay.fr\/fr\">(Site Mus\u00e9e d&rsquo;Orsay)<\/a><\/li>\n<\/ul>\n<\/div>\n\n\n\n<div class=\"wp-block-column is-layout-flow wp-block-column-is-layout-flow\">\n<figure class=\"wp-block-image size-full\"><img loading=\"lazy\" decoding=\"async\" width=\"180\" height=\"217\" src=\"https:\/\/gtu.sciencespo-lille.eu\/wp-content\/uploads\/2022\/12\/Image10.png\" alt=\"\" class=\"wp-image-526\"\/><\/figure>\n<\/div>\n<\/div>\n\n\n\n<div class=\"wp-block-columns is-layout-flex wp-container-core-columns-is-layout-9d6595d7 wp-block-columns-is-layout-flex\">\n<div class=\"wp-block-column is-layout-flow wp-block-column-is-layout-flow\" style=\"flex-basis:100%\">\n<div class=\"wp-block-columns is-layout-flex wp-container-core-columns-is-layout-9d6595d7 wp-block-columns-is-layout-flex\">\n<div class=\"wp-block-column is-layout-flow wp-block-column-is-layout-flow\">\n<ul class=\"wp-block-list\">\n<li><strong>RATP Dev<\/strong> \u2013 Direction Clients et Engagement<br><a href=\"https:\/\/www.ratpdev.com\/\">(Site RATP Dev)<\/a><\/li>\n<\/ul>\n<\/div>\n\n\n\n<div class=\"wp-block-column is-layout-flow wp-block-column-is-layout-flow\">\n<figure class=\"wp-block-image size-full\"><img loading=\"lazy\" decoding=\"async\" width=\"474\" height=\"240\" src=\"https:\/\/gtu.sciencespo-lille.eu\/wp-content\/uploads\/2022\/12\/th.jpeg\" alt=\"\" class=\"wp-image-527\" srcset=\"https:\/\/gtu.sciencespo-lille.eu\/wp-content\/uploads\/2022\/12\/th.jpeg 474w, https:\/\/gtu.sciencespo-lille.eu\/wp-content\/uploads\/2022\/12\/th-300x152.jpeg 300w\" sizes=\"(max-width: 474px) 100vw, 474px\" \/><\/figure>\n<\/div>\n<\/div>\n<\/div>\n<\/div>\n\n\n\n<div class=\"wp-block-columns is-layout-flex wp-container-core-columns-is-layout-9d6595d7 wp-block-columns-is-layout-flex\">\n<div class=\"wp-block-column is-layout-flow wp-block-column-is-layout-flow\" style=\"flex-basis:100%\">\n<div class=\"wp-block-columns is-layout-flex wp-container-core-columns-is-layout-9d6595d7 wp-block-columns-is-layout-flex\">\n<div class=\"wp-block-column is-layout-flow wp-block-column-is-layout-flow\">\n<ul class=\"wp-block-list\">\n<li><strong>ConsultVox <\/strong>: Informer \/ Consulter \/ Restituer<br><a href=\"https:\/\/www.consultvox.co\/\">(Site ConsultVox)<\/a><\/li>\n<\/ul>\n<\/div>\n\n\n\n<div class=\"wp-block-column is-layout-flow wp-block-column-is-layout-flow\"><div class=\"wp-block-image\">\n<figure class=\"aligncenter size-full is-resized\"><img loading=\"lazy\" decoding=\"async\" width=\"268\" height=\"76\" src=\"https:\/\/gtu.sciencespo-lille.eu\/wp-content\/uploads\/2023\/12\/logo_consult_vox.png\" alt=\"\" class=\"wp-image-564\" style=\"width:169px;height:48px\"\/><\/figure><\/div><\/div>\n<\/div>\n<\/div>\n<\/div>\n\n\n\n<div class=\"wp-block-columns is-layout-flex wp-container-core-columns-is-layout-9d6595d7 wp-block-columns-is-layout-flex\">\n<div class=\"wp-block-column is-layout-flow wp-block-column-is-layout-flow\">\n<ul class=\"wp-block-list\">\n<li><strong>La Poste<\/strong> &#8211; D\u00e9l\u00e9gation r\u00e9gionale La Poste Hauts-de-France<br><a href=\"https:\/\/www.lapostegroupe.com\/fr\">(Site La Poste)<\/a><\/li>\n<\/ul>\n<\/div>\n\n\n\n<div class=\"wp-block-column is-layout-flow wp-block-column-is-layout-flow\">\n<figure class=\"wp-block-image size-full\"><img loading=\"lazy\" decoding=\"async\" width=\"122\" height=\"82\" src=\"https:\/\/gtu.sciencespo-lille.eu\/wp-content\/uploads\/2022\/12\/Image11.png\" alt=\"\" class=\"wp-image-528\"\/><\/figure>\n<\/div>\n<\/div>\n\n\n\n<div class=\"wp-block-columns is-layout-flex wp-container-core-columns-is-layout-9d6595d7 wp-block-columns-is-layout-flex\">\n<div class=\"wp-block-column is-layout-flow wp-block-column-is-layout-flow\" style=\"flex-basis:100%\">\n<div class=\"wp-block-columns is-layout-flex wp-container-core-columns-is-layout-9d6595d7 wp-block-columns-is-layout-flex\">\n<div class=\"wp-block-column is-layout-flow wp-block-column-is-layout-flow\">\n<ul class=\"wp-block-list\">\n<li><strong>La ville de Lille<\/strong> \u2013 Service Culture<br><a href=\"https:\/\/www.lille.fr\/\">(Site Lille)<\/a><\/li>\n<\/ul>\n<\/div>\n\n\n\n<div class=\"wp-block-column is-layout-flow wp-block-column-is-layout-flow\">\n<figure class=\"wp-block-image size-full\"><img loading=\"lazy\" decoding=\"async\" width=\"105\" height=\"105\" src=\"https:\/\/gtu.sciencespo-lille.eu\/wp-content\/uploads\/2022\/12\/Image12.png\" alt=\"\" class=\"wp-image-529\"\/><\/figure>\n<\/div>\n<\/div>\n<\/div>\n<\/div>\n\n\n\n<div class=\"wp-block-columns is-layout-flex wp-container-core-columns-is-layout-9d6595d7 wp-block-columns-is-layout-flex\">\n<div class=\"wp-block-column is-layout-flow wp-block-column-is-layout-flow\" style=\"flex-basis:100%\">\n<div class=\"wp-block-columns is-layout-flex wp-container-core-columns-is-layout-9d6595d7 wp-block-columns-is-layout-flex\">\n<div class=\"wp-block-column is-layout-flow wp-block-column-is-layout-flow\">\n<ul class=\"wp-block-list\">\n<li><strong>Union des groupements Achat Public (UGAP)<\/strong> \u2013 Direction G\u00e9n\u00e9rale<br><a href=\"https:\/\/www.ugap.fr\/\">(Site UGAP)<\/a><\/li>\n<\/ul>\n<\/div>\n\n\n\n<div class=\"wp-block-column is-layout-flow wp-block-column-is-layout-flow\">\n<figure class=\"wp-block-image size-full\"><img loading=\"lazy\" decoding=\"async\" width=\"99\" height=\"97\" src=\"https:\/\/gtu.sciencespo-lille.eu\/wp-content\/uploads\/2022\/12\/Image13.png\" alt=\"\" class=\"wp-image-530\"\/><\/figure>\n<\/div>\n<\/div>\n<\/div>\n<\/div>\n\n\n\n<div class=\"wp-block-columns is-layout-flex wp-container-core-columns-is-layout-9d6595d7 wp-block-columns-is-layout-flex\">\n<div class=\"wp-block-column is-layout-flow wp-block-column-is-layout-flow\">\n<ul class=\"wp-block-list\">\n<li><strong>Grand Paris Am\u00e9nagement<\/strong><br><a href=\"https:\/\/www.grandparisamenagement.fr\">(Site GrandParisAm\u00e9nagement)<\/a><\/li>\n<\/ul>\n<\/div>\n\n\n\n<div class=\"wp-block-column is-layout-flow wp-block-column-is-layout-flow\"><div class=\"wp-block-image\">\n<figure class=\"aligncenter size-full is-resized\"><img loading=\"lazy\" decoding=\"async\" width=\"381\" height=\"123\" src=\"https:\/\/gtu.sciencespo-lille.eu\/wp-content\/uploads\/2023\/12\/logo_grand_paris_amenagement.png\" alt=\"\" class=\"wp-image-571\" style=\"width:232px;height:75px\" srcset=\"https:\/\/gtu.sciencespo-lille.eu\/wp-content\/uploads\/2023\/12\/logo_grand_paris_amenagement.png 381w, https:\/\/gtu.sciencespo-lille.eu\/wp-content\/uploads\/2023\/12\/logo_grand_paris_amenagement-300x97.png 300w\" sizes=\"(max-width: 381px) 100vw, 381px\" \/><\/figure><\/div><\/div>\n<\/div>\n\n\n\n<div class=\"wp-block-columns is-layout-flex wp-container-core-columns-is-layout-9d6595d7 wp-block-columns-is-layout-flex\">\n<div class=\"wp-block-column is-layout-flow wp-block-column-is-layout-flow\">\n<ul class=\"wp-block-list\">\n<li><strong>M\u00e9tropole Grand Lyon<\/strong><br><a href=\"https:\/\/www.grandlyon.com\/\">(Site Grand Lyon)<\/a><\/li>\n<\/ul>\n<\/div>\n\n\n\n<div class=\"wp-block-column is-layout-flow wp-block-column-is-layout-flow\"><div class=\"wp-block-image\">\n<figure class=\"aligncenter size-full\"><img loading=\"lazy\" decoding=\"async\" width=\"336\" height=\"127\" src=\"https:\/\/gtu.sciencespo-lille.eu\/wp-content\/uploads\/2023\/12\/logo_grand_lyon.png\" alt=\"\" class=\"wp-image-572\" srcset=\"https:\/\/gtu.sciencespo-lille.eu\/wp-content\/uploads\/2023\/12\/logo_grand_lyon.png 336w, https:\/\/gtu.sciencespo-lille.eu\/wp-content\/uploads\/2023\/12\/logo_grand_lyon-300x113.png 300w\" sizes=\"(max-width: 336px) 100vw, 336px\" \/><\/figure><\/div><\/div>\n<\/div>\n\n\n\n<div class=\"wp-block-columns is-layout-flex wp-container-core-columns-is-layout-9d6595d7 wp-block-columns-is-layout-flex\">\n<div class=\"wp-block-column is-layout-flow wp-block-column-is-layout-flow\">\n<ul class=\"wp-block-list\">\n<li><strong>R\u00e9gion Hauts-de-France<\/strong><br><a href=\"http:\/\/www.hautsdefrance.fr\/\">(Site R\u00e9gion Hauts-de-France)<\/a><br><\/li>\n<\/ul>\n<\/div>\n\n\n\n<div class=\"wp-block-column is-layout-flow wp-block-column-is-layout-flow\"><div class=\"wp-block-image\">\n<figure class=\"aligncenter size-full is-resized\"><img loading=\"lazy\" decoding=\"async\" width=\"220\" height=\"211\" src=\"https:\/\/gtu.sciencespo-lille.eu\/wp-content\/uploads\/2023\/12\/logo_hauts_de_france.png\" alt=\"\" class=\"wp-image-573\" style=\"width:124px;height:119px\"\/><\/figure><\/div><\/div>\n<\/div>\n\n\n\n<div class=\"wp-block-columns is-layout-flex wp-container-core-columns-is-layout-9d6595d7 wp-block-columns-is-layout-flex\">\n<div class=\"wp-block-column is-layout-flow wp-block-column-is-layout-flow\">\n<ul class=\"wp-block-list\">\n<li><strong>Les Concerts de Poche<\/strong><br><a href=\"https:\/\/www.concertsdepoche.com\/\">(Site Concerts de Poche)<\/a><\/li>\n<\/ul>\n<\/div>\n\n\n\n<div class=\"wp-block-column is-layout-flow wp-block-column-is-layout-flow\"><div class=\"wp-block-image\">\n<figure class=\"aligncenter size-full is-resized\"><img loading=\"lazy\" decoding=\"async\" width=\"208\" height=\"111\" src=\"https:\/\/gtu.sciencespo-lille.eu\/wp-content\/uploads\/2023\/12\/logo_les_concerts_de_poche-1.png\" alt=\"\" class=\"wp-image-575\" style=\"width:-6px;height:-3px\"\/><\/figure><\/div><\/div>\n<\/div>\n\n\n\n<div class=\"wp-block-columns is-layout-flex wp-container-core-columns-is-layout-9d6595d7 wp-block-columns-is-layout-flex\">\n<div class=\"wp-block-column is-layout-flow wp-block-column-is-layout-flow\">\n<ul class=\"wp-block-list\">\n<li><strong>Ville de Roubaix<\/strong><br><a href=\"https:\/\/www.ville-roubaix.fr\/\">(Site Roubaix)<\/a><\/li>\n<\/ul>\n<\/div>\n\n\n\n<div class=\"wp-block-column is-layout-flow wp-block-column-is-layout-flow\"><div class=\"wp-block-image\">\n<figure class=\"aligncenter size-full is-resized\"><img loading=\"lazy\" decoding=\"async\" width=\"292\" height=\"94\" src=\"https:\/\/gtu.sciencespo-lille.eu\/wp-content\/uploads\/2023\/12\/logo_ville_de_roubaix.png\" alt=\"\" class=\"wp-image-576\" style=\"width:221px;height:71px\"\/><\/figure><\/div><\/div>\n<\/div>\n\n\n\n<div class=\"wp-block-columns is-layout-flex wp-container-core-columns-is-layout-9d6595d7 wp-block-columns-is-layout-flex\">\n<div class=\"wp-block-column is-layout-flow wp-block-column-is-layout-flow\">\n<ul class=\"wp-block-list\">\n<li><strong>La 27<sup>\u00e8me<\/sup> r\u00e9gion<\/strong><br><a href=\"https:\/\/www.la27eregion.fr\/\">(Site 27<sup>\u00e8me<\/sup> r\u00e9gion)<\/a><\/li>\n<\/ul>\n<\/div>\n\n\n\n<div class=\"wp-block-column is-layout-flow wp-block-column-is-layout-flow\"><div class=\"wp-block-image\">\n<figure class=\"aligncenter size-full is-resized\"><img loading=\"lazy\" decoding=\"async\" width=\"184\" height=\"140\" src=\"https:\/\/gtu.sciencespo-lille.eu\/wp-content\/uploads\/2023\/12\/logo_la_27e_region.png\" alt=\"\" class=\"wp-image-577\" style=\"width:134px;height:102px\"\/><\/figure><\/div>\n\n\n<p><\/p>\n<\/div>\n<\/div>\n\n\n\n<p><\/p>\n","protected":false},"excerpt":{"rendered":"<p>Gouvernance des Territoires Urbains en alternance L&rsquo;apprentissage alterne des p\u00e9riodes de cours \u00e0 Sciences Po Lille (formation th\u00e9orique) et des p\u00e9riodes au sein d&rsquo;une organisation (formation pratique), dans le cadre d&rsquo;un contrat de travail sp\u00e9cifique et selon un calendrier pr\u00e9d\u00e9fini. Rythme de l&rsquo;alternance en GTU : Ce rythme permet une bonne int\u00e9gration des \u00e9tudiantes et [&hellip;]<\/p>\n","protected":false},"author":1,"featured_media":0,"parent":0,"menu_order":0,"comment_status":"closed","ping_status":"closed","template":"","meta":{"_seopress_robots_primary_cat":"","_seopress_titles_title":"","_seopress_titles_desc":"","_seopress_robots_index":"","ocean_post_layout":"","ocean_both_sidebars_style":"","ocean_both_sidebars_content_width":0,"ocean_both_sidebars_sidebars_width":0,"ocean_sidebar":"0","ocean_second_sidebar":"0","ocean_disable_margins":"enable","ocean_add_body_class":"","ocean_shortcode_before_top_bar":"","ocean_shortcode_after_top_bar":"","ocean_shortcode_before_header":"","ocean_shortcode_after_header":"","ocean_has_shortcode":"","ocean_shortcode_after_title":"","ocean_shortcode_before_footer_widgets":"","ocean_shortcode_after_footer_widgets":"","ocean_shortcode_before_footer_bottom":"","ocean_shortcode_after_footer_bottom":"","ocean_display_top_bar":"default","ocean_display_header":"default","ocean_header_style":"","ocean_center_header_left_menu":"0","ocean_custom_header_template":"0","ocean_custom_logo":0,"ocean_custom_retina_logo":0,"ocean_custom_logo_max_width":0,"ocean_custom_logo_tablet_max_width":0,"ocean_custom_logo_mobile_max_width":0,"ocean_custom_logo_max_height":0,"ocean_custom_logo_tablet_max_height":0,"ocean_custom_logo_mobile_max_height":0,"ocean_header_custom_menu":"0","ocean_menu_typo_font_family":"0","ocean_menu_typo_font_subset":"","ocean_menu_typo_font_size":0,"ocean_menu_typo_font_size_tablet":0,"ocean_menu_typo_font_size_mobile":0,"ocean_menu_typo_font_size_unit":"px","ocean_menu_typo_font_weight":"","ocean_menu_typo_font_weight_tablet":"","ocean_menu_typo_font_weight_mobile":"","ocean_menu_typo_transform":"","ocean_menu_typo_transform_tablet":"","ocean_menu_typo_transform_mobile":"","ocean_menu_typo_line_height":0,"ocean_menu_typo_line_height_tablet":0,"ocean_menu_typo_line_height_mobile":0,"ocean_menu_typo_line_height_unit":"","ocean_menu_typo_spacing":0,"ocean_menu_typo_spacing_tablet":0,"ocean_menu_typo_spacing_mobile":0,"ocean_menu_typo_spacing_unit":"","ocean_menu_link_color":"","ocean_menu_link_color_hover":"","ocean_menu_link_color_active":"","ocean_menu_link_background":"","ocean_menu_link_hover_background":"","ocean_menu_link_active_background":"","ocean_menu_social_links_bg":"","ocean_menu_social_hover_links_bg":"","ocean_menu_social_links_color":"","ocean_menu_social_hover_links_color":"","ocean_disable_title":"default","ocean_disable_heading":"default","ocean_post_title":"","ocean_post_subheading":"","ocean_post_title_style":"","ocean_post_title_background_color":"","ocean_post_title_background":0,"ocean_post_title_bg_image_position":"","ocean_post_title_bg_image_attachment":"","ocean_post_title_bg_image_repeat":"","ocean_post_title_bg_image_size":"","ocean_post_title_height":0,"ocean_post_title_bg_overlay":0.5,"ocean_post_title_bg_overlay_color":"","ocean_disable_breadcrumbs":"default","ocean_breadcrumbs_color":"","ocean_breadcrumbs_separator_color":"","ocean_breadcrumbs_links_color":"","ocean_breadcrumbs_links_hover_color":"","ocean_display_footer_widgets":"default","ocean_display_footer_bottom":"default","ocean_custom_footer_template":"0","footnotes":""},"class_list":["post-57","page","type-page","status-publish","hentry","entry"],"_links":{"self":[{"href":"https:\/\/gtu.sciencespo-lille.eu\/index.php\/wp-json\/wp\/v2\/pages\/57","targetHints":{"allow":["GET"]}}],"collection":[{"href":"https:\/\/gtu.sciencespo-lille.eu\/index.php\/wp-json\/wp\/v2\/pages"}],"about":[{"href":"https:\/\/gtu.sciencespo-lille.eu\/index.php\/wp-json\/wp\/v2\/types\/page"}],"author":[{"embeddable":true,"href":"https:\/\/gtu.sciencespo-lille.eu\/index.php\/wp-json\/wp\/v2\/users\/1"}],"replies":[{"embeddable":true,"href":"https:\/\/gtu.sciencespo-lille.eu\/index.php\/wp-json\/wp\/v2\/comments?post=57"}],"version-history":[{"count":25,"href":"https:\/\/gtu.sciencespo-lille.eu\/index.php\/wp-json\/wp\/v2\/pages\/57\/revisions"}],"predecessor-version":[{"id":619,"href":"https:\/\/gtu.sciencespo-lille.eu\/index.php\/wp-json\/wp\/v2\/pages\/57\/revisions\/619"}],"wp:attachment":[{"href":"https:\/\/gtu.sciencespo-lille.eu\/index.php\/wp-json\/wp\/v2\/media?parent=57"}],"curies":[{"name":"wp","href":"https:\/\/api.w.org\/{rel}","templated":true}]}}